{"id":38,"date":"2015-11-24T22:28:19","date_gmt":"2015-11-24T21:28:19","guid":{"rendered":"http:\/\/recherchesdanse.imaginaflamenco.com\/?page_id=38"},"modified":"2019-01-21T15:28:11","modified_gmt":"2019-01-21T14:28:11","slug":"les-contributeurs","status":"publish","type":"page","link":"https:\/\/recherchesdanse.imaginaflamenco.com\/index.php\/les-contributeurs\/","title":{"rendered":"Les Contributeurs"},"content":{"rendered":"<h4>Alexandra ARNAUD-BESTIEU<\/h4>\n<p>Ma\u00eetre de Conf\u00e9rences des Universit\u00e9s en Sciences de l\u2019Education<br \/>\nSp\u00e9cialit\u00e9 Didactique | Objet privil\u00e9gi\u00e9 : Danse et milieu sp\u00e9cialis\u00e9<\/p>\n<p>MEMBRE UMR ADEF<br \/>\nInstitution : ESPE \u2013 Aix-Marseille Universit\u00e9<br \/>\nAdresse : 32 rue Eug\u00e8ne Cas 13248 Marseille Cedex 4<br \/>\nFonction : Enseignant-chercheur<br \/>\nStatut : Ma\u00eetre de conf\u00e9rences<br \/>\nSection du CNU: 70\u00e8me section<br \/>\n\u00c9quipe: GCAF [Le Geste Cr\u00e9atif et l\u2019Activit\u00e9 Formative]<br \/>\nChercheure associ\u00e9e \u00e0 l\u2019Ophris<\/p>\n<p><a href=\"http:\/\/adef.univ-amu.fr\/fr\/users\/arnaudbestieufreefr\" target=\"_blank\" rel=\"noopener\">Profil Universitaire Officiel Alexandra Arnaud-Bestieu<\/a><\/p>\n<h4>Gilles ARNAUD<\/h4>\n<p>Master II Recherche en Histoire et Cultures de l\u2019Europe M\u00e9diterran\u00e9enne (DEA)<br \/>\nLicence en Anthropologie<br \/>\nEssayiste, romancier et r\u00e9dacteur de webzine ind\u00e9pendant<br \/>\nBrocanteur Culturel \/ Le Gaspherium<\/p>\n<p><a href=\"http:\/\/gillesarnaud.org\/\" target=\"_blank\" rel=\"noopener\">Les Archives Gilles Arnaud<\/a><\/p>\n","protected":false},"excerpt":{"rendered":"<p>Alexandra ARNAUD-BESTIEU Ma\u00eetre de Conf\u00e9rences des Universit\u00e9s en Sciences de l\u2019Education Sp\u00e9cialit\u00e9 Didactique | Objet privil\u00e9gi\u00e9 : Danse et milieu sp\u00e9cialis\u00e9 MEMBRE UMR ADEF Institution : ESPE \u2013 Aix-Marseille Universit\u00e9 Adresse : 32 rue Eug\u00e8ne Cas 13248 Marseille Cedex 4 &hellip; <a href=\"https:\/\/recherchesdanse.imaginaflamenco.com\/index.php\/les-contributeurs\/\">Continue la lecture <span class=\"meta-nav\">&rarr;<\/span><\/a><\/p>\n","protected":false},"author":1,"featured_media":0,"parent":0,"menu_order":0,"comment_status":"closed","ping_status":"closed","template":"","meta":{"footnotes":""},"class_list":["post-38","page","type-page","status-publish","hentry"],"aioseo_notices":[],"_links":{"self":[{"href":"https:\/\/recherchesdanse.imaginaflamenco.com\/index.php\/wp-json\/wp\/v2\/pages\/38","targetHints":{"allow":["GET"]}}],"collection":[{"href":"https:\/\/recherchesdanse.imaginaflamenco.com\/index.php\/wp-json\/wp\/v2\/pages"}],"about":[{"href":"https:\/\/recherchesdanse.imaginaflamenco.com\/index.php\/wp-json\/wp\/v2\/types\/page"}],"author":[{"embeddable":true,"href":"https:\/\/recherchesdanse.imaginaflamenco.com\/index.php\/wp-json\/wp\/v2\/users\/1"}],"replies":[{"embeddable":true,"href":"https:\/\/recherchesdanse.imaginaflamenco.com\/index.php\/wp-json\/wp\/v2\/comments?post=38"}],"version-history":[{"count":3,"href":"https:\/\/recherchesdanse.imaginaflamenco.com\/index.php\/wp-json\/wp\/v2\/pages\/38\/revisions"}],"predecessor-version":[{"id":85,"href":"https:\/\/recherchesdanse.imaginaflamenco.com\/index.php\/wp-json\/wp\/v2\/pages\/38\/revisions\/85"}],"wp:attachment":[{"href":"https:\/\/recherchesdanse.imaginaflamenco.com\/index.php\/wp-json\/wp\/v2\/media?parent=38"}],"curies":[{"name":"wp","href":"https:\/\/api.w.org\/{rel}","templated":true}]}}